{"id":2823,"date":"2021-01-05T11:26:19","date_gmt":"2021-01-05T15:26:19","guid":{"rendered":"https:\/\/gadelanegado.gob.ec\/manabi\/?page_id=2823"},"modified":"2022-05-18T11:54:50","modified_gmt":"2022-05-18T15:54:50","slug":"rendicion-de-cuentas-2021","status":"publish","type":"page","link":"https:\/\/gadelanegado.gob.ec\/manabi\/rendicion-de-cuentas-2021\/","title":{"rendered":"Rendici\u00f3n de Cuentas 2021"},"content":{"rendered":"<p>Informe de rendici\u00f3n de cuenta<\/p>\n<p><a href=\"https:\/\/gadelanegado.gob.ec\/manabi\/wp-content\/uploads\/2022\/05\/rendicion-de-cuenta-2021-1.pdf\">Rendicion de cuenta 2021<\/a><\/p>\n<p><a href=\"https:\/\/gadelanegado.gob.ec\/manabi\/wp-content\/uploads\/2022\/05\/Informe-de-rendicion-de-cuenta-2021-1.pdf\">Informe de rendicion de cuenta 2021<\/a><\/p>\n<p><a href=\"https:\/\/gadelanegado.gob.ec\/manabi\/wp-content\/uploads\/2022\/05\/ReporteInformeGad-R-CUENTA-2021.pdf\">ReporteInformeGad &#8211; R CUENTA 2021<\/a><\/p>\n<p>Acto de Rendicion de cuenta<\/p>\n<p><img loading=\"lazy\" decoding=\"async\" class=\"alignnone size-medium wp-image-3282\" src=\"https:\/\/gadelanegado.gob.ec\/manabi\/wp-content\/uploads\/2022\/04\/279087037_3310159019270442_5919740785162735844_n-550x254.jpg\" alt=\"\" width=\"550\" height=\"254\" srcset=\"https:\/\/gadelanegado.gob.ec\/manabi\/wp-content\/uploads\/2022\/04\/279087037_3310159019270442_5919740785162735844_n-550x254.jpg 550w, https:\/\/gadelanegado.gob.ec\/manabi\/wp-content\/uploads\/2022\/04\/279087037_3310159019270442_5919740785162735844_n-1024x472.jpg 1024w, https:\/\/gadelanegado.gob.ec\/manabi\/wp-content\/uploads\/2022\/04\/279087037_3310159019270442_5919740785162735844_n-768x354.jpg 768w, https:\/\/gadelanegado.gob.ec\/manabi\/wp-content\/uploads\/2022\/04\/279087037_3310159019270442_5919740785162735844_n-1536x708.jpg 1536w, https:\/\/gadelanegado.gob.ec\/manabi\/wp-content\/uploads\/2022\/04\/279087037_3310159019270442_5919740785162735844_n.jpg 1600w\" sizes=\"auto, (max-width: 550px) 100vw, 550px\" \/><\/p>\n<p><img loading=\"lazy\" decoding=\"async\" class=\"alignnone size-medium wp-image-3283\" src=\"https:\/\/gadelanegado.gob.ec\/manabi\/wp-content\/uploads\/2022\/04\/279088065_3310158942603783_5909525387441327618_n-550x241.jpg\" alt=\"\" width=\"550\" height=\"241\" srcset=\"https:\/\/gadelanegado.gob.ec\/manabi\/wp-content\/uploads\/2022\/04\/279088065_3310158942603783_5909525387441327618_n-550x241.jpg 550w, https:\/\/gadelanegado.gob.ec\/manabi\/wp-content\/uploads\/2022\/04\/279088065_3310158942603783_5909525387441327618_n-1024x450.jpg 1024w, https:\/\/gadelanegado.gob.ec\/manabi\/wp-content\/uploads\/2022\/04\/279088065_3310158942603783_5909525387441327618_n-768x337.jpg 768w, https:\/\/gadelanegado.gob.ec\/manabi\/wp-content\/uploads\/2022\/04\/279088065_3310158942603783_5909525387441327618_n-1536x674.jpg 1536w, https:\/\/gadelanegado.gob.ec\/manabi\/wp-content\/uploads\/2022\/04\/279088065_3310158942603783_5909525387441327618_n.jpg 2048w\" sizes=\"auto, (max-width: 550px) 100vw, 550px\" \/><\/p>\n<p><img loading=\"lazy\" decoding=\"async\" class=\"alignnone size-medium wp-image-3284\" src=\"https:\/\/gadelanegado.gob.ec\/manabi\/wp-content\/uploads\/2022\/04\/279094036_3310158792603798_4334774479950916183_n-550x254.jpg\" alt=\"\" width=\"550\" height=\"254\" srcset=\"https:\/\/gadelanegado.gob.ec\/manabi\/wp-content\/uploads\/2022\/04\/279094036_3310158792603798_4334774479950916183_n-550x254.jpg 550w, https:\/\/gadelanegado.gob.ec\/manabi\/wp-content\/uploads\/2022\/04\/279094036_3310158792603798_4334774479950916183_n-1024x472.jpg 1024w, https:\/\/gadelanegado.gob.ec\/manabi\/wp-content\/uploads\/2022\/04\/279094036_3310158792603798_4334774479950916183_n-768x354.jpg 768w, https:\/\/gadelanegado.gob.ec\/manabi\/wp-content\/uploads\/2022\/04\/279094036_3310158792603798_4334774479950916183_n-1536x708.jpg 1536w, https:\/\/gadelanegado.gob.ec\/manabi\/wp-content\/uploads\/2022\/04\/279094036_3310158792603798_4334774479950916183_n.jpg 1600w\" sizes=\"auto, (max-width: 550px) 100vw, 550px\" \/><\/p>\n<p><img loading=\"lazy\" decoding=\"async\" class=\"alignnone wp-image-3285\" src=\"https:\/\/gadelanegado.gob.ec\/manabi\/wp-content\/uploads\/2022\/04\/279137095_3310158982603779_2932574726223272371_n-550x241.jpg\" alt=\"\" width=\"547\" height=\"240\" srcset=\"https:\/\/gadelanegado.gob.ec\/manabi\/wp-content\/uploads\/2022\/04\/279137095_3310158982603779_2932574726223272371_n-550x241.jpg 550w, https:\/\/gadelanegado.gob.ec\/manabi\/wp-content\/uploads\/2022\/04\/279137095_3310158982603779_2932574726223272371_n-1024x450.jpg 1024w, https:\/\/gadelanegado.gob.ec\/manabi\/wp-content\/uploads\/2022\/04\/279137095_3310158982603779_2932574726223272371_n-768x337.jpg 768w, https:\/\/gadelanegado.gob.ec\/manabi\/wp-content\/uploads\/2022\/04\/279137095_3310158982603779_2932574726223272371_n-1536x674.jpg 1536w, https:\/\/gadelanegado.gob.ec\/manabi\/wp-content\/uploads\/2022\/04\/279137095_3310158982603779_2932574726223272371_n.jpg 2048w\" sizes=\"auto, (max-width: 547px) 100vw, 547px\" \/><\/p>\n<p><strong>SOCIALIZACI\u00d3N SOBRE EL PROCESO RENDICI\u00d3N DE CUENTA DEL A\u00d1O 2021<\/strong><\/p>\n<p><img loading=\"lazy\" decoding=\"async\" class=\"alignnone size-medium wp-image-3291\" src=\"https:\/\/gadelanegado.gob.ec\/manabi\/wp-content\/uploads\/2022\/05\/WhatsApp-Image-2022-05-06-at-12.03.54-PM-2-550x241.jpeg\" alt=\"\" width=\"550\" height=\"241\" srcset=\"https:\/\/gadelanegado.gob.ec\/manabi\/wp-content\/uploads\/2022\/05\/WhatsApp-Image-2022-05-06-at-12.03.54-PM-2-550x241.jpeg 550w, https:\/\/gadelanegado.gob.ec\/manabi\/wp-content\/uploads\/2022\/05\/WhatsApp-Image-2022-05-06-at-12.03.54-PM-2-1024x450.jpeg 1024w, https:\/\/gadelanegado.gob.ec\/manabi\/wp-content\/uploads\/2022\/05\/WhatsApp-Image-2022-05-06-at-12.03.54-PM-2-768x337.jpeg 768w, https:\/\/gadelanegado.gob.ec\/manabi\/wp-content\/uploads\/2022\/05\/WhatsApp-Image-2022-05-06-at-12.03.54-PM-2.jpeg 1148w\" sizes=\"auto, (max-width: 550px) 100vw, 550px\" \/><\/p>\n<p><strong>REVISI\u00d3N DEL INFORME POR PARTE DEL MIEMBRO DEL CONSEJO DE PLANIFICACI\u00d3N.<\/strong><\/p>\n<p><img loading=\"lazy\" decoding=\"async\" class=\"alignnone wp-image-3292\" src=\"https:\/\/gadelanegado.gob.ec\/manabi\/wp-content\/uploads\/2022\/05\/WhatsApp-Image-2022-05-06-at-11.30.59-AM-550x241.jpeg\" alt=\"\" width=\"382\" height=\"168\" srcset=\"https:\/\/gadelanegado.gob.ec\/manabi\/wp-content\/uploads\/2022\/05\/WhatsApp-Image-2022-05-06-at-11.30.59-AM-550x241.jpeg 550w, https:\/\/gadelanegado.gob.ec\/manabi\/wp-content\/uploads\/2022\/05\/WhatsApp-Image-2022-05-06-at-11.30.59-AM-1024x450.jpeg 1024w, https:\/\/gadelanegado.gob.ec\/manabi\/wp-content\/uploads\/2022\/05\/WhatsApp-Image-2022-05-06-at-11.30.59-AM-768x337.jpeg 768w, https:\/\/gadelanegado.gob.ec\/manabi\/wp-content\/uploads\/2022\/05\/WhatsApp-Image-2022-05-06-at-11.30.59-AM.jpeg 1148w\" sizes=\"auto, (max-width: 382px) 100vw, 382px\" \/><img loading=\"lazy\" decoding=\"async\" class=\"wp-image-3293 alignleft\" src=\"https:\/\/gadelanegado.gob.ec\/manabi\/wp-content\/uploads\/2022\/05\/WhatsApp-Image-2022-05-06-at-11.31.47-AM-550x241.jpeg\" alt=\"\" width=\"382\" height=\"167\" srcset=\"https:\/\/gadelanegado.gob.ec\/manabi\/wp-content\/uploads\/2022\/05\/WhatsApp-Image-2022-05-06-at-11.31.47-AM-550x241.jpeg 550w, https:\/\/gadelanegado.gob.ec\/manabi\/wp-content\/uploads\/2022\/05\/WhatsApp-Image-2022-05-06-at-11.31.47-AM-1024x450.jpeg 1024w, https:\/\/gadelanegado.gob.ec\/manabi\/wp-content\/uploads\/2022\/05\/WhatsApp-Image-2022-05-06-at-11.31.47-AM-768x337.jpeg 768w, https:\/\/gadelanegado.gob.ec\/manabi\/wp-content\/uploads\/2022\/05\/WhatsApp-Image-2022-05-06-at-11.31.47-AM.jpeg 1148w\" sizes=\"auto, (max-width: 382px) 100vw, 382px\" \/><\/p>\n<p><strong>CONFORMACI\u00d3N DE MESAS TEM\u00c1TICAS <\/strong><\/p>\n<p><img loading=\"lazy\" decoding=\"async\" class=\"alignnone size-medium wp-image-3294\" src=\"https:\/\/gadelanegado.gob.ec\/manabi\/wp-content\/uploads\/2022\/05\/WhatsApp-Image-2022-05-06-at-12.03.54-PM-1-550x241.jpeg\" alt=\"\" width=\"550\" height=\"241\" srcset=\"https:\/\/gadelanegado.gob.ec\/manabi\/wp-content\/uploads\/2022\/05\/WhatsApp-Image-2022-05-06-at-12.03.54-PM-1-550x241.jpeg 550w, https:\/\/gadelanegado.gob.ec\/manabi\/wp-content\/uploads\/2022\/05\/WhatsApp-Image-2022-05-06-at-12.03.54-PM-1-1024x450.jpeg 1024w, https:\/\/gadelanegado.gob.ec\/manabi\/wp-content\/uploads\/2022\/05\/WhatsApp-Image-2022-05-06-at-12.03.54-PM-1-768x337.jpeg 768w, https:\/\/gadelanegado.gob.ec\/manabi\/wp-content\/uploads\/2022\/05\/WhatsApp-Image-2022-05-06-at-12.03.54-PM-1.jpeg 1148w\" sizes=\"auto, (max-width: 550px) 100vw, 550px\" \/><\/p>\n<p><img loading=\"lazy\" decoding=\"async\" class=\"alignnone size-medium wp-image-3295\" src=\"https:\/\/gadelanegado.gob.ec\/manabi\/wp-content\/uploads\/2022\/05\/WhatsApp-Image-2022-05-06-at-12.03.54-PM-550x241.jpeg\" alt=\"\" width=\"550\" height=\"241\" srcset=\"https:\/\/gadelanegado.gob.ec\/manabi\/wp-content\/uploads\/2022\/05\/WhatsApp-Image-2022-05-06-at-12.03.54-PM-550x241.jpeg 550w, https:\/\/gadelanegado.gob.ec\/manabi\/wp-content\/uploads\/2022\/05\/WhatsApp-Image-2022-05-06-at-12.03.54-PM-1024x450.jpeg 1024w, https:\/\/gadelanegado.gob.ec\/manabi\/wp-content\/uploads\/2022\/05\/WhatsApp-Image-2022-05-06-at-12.03.54-PM-768x337.jpeg 768w, https:\/\/gadelanegado.gob.ec\/manabi\/wp-content\/uploads\/2022\/05\/WhatsApp-Image-2022-05-06-at-12.03.54-PM.jpeg 1148w\" sizes=\"auto, (max-width: 550px) 100vw, 550px\" \/><\/p>\n<p>INSTANCIA DE PARTICIPACI\u00d3N CIUDADANA<\/p>\n<p><img loading=\"lazy\" decoding=\"async\" class=\"alignnone size-medium wp-image-3299\" src=\"https:\/\/gadelanegado.gob.ec\/manabi\/wp-content\/uploads\/2022\/05\/WhatsApp-Image-2022-05-06-at-12.48.09-PM-550x413.jpeg\" alt=\"\" width=\"550\" height=\"413\" srcset=\"https:\/\/gadelanegado.gob.ec\/manabi\/wp-content\/uploads\/2022\/05\/WhatsApp-Image-2022-05-06-at-12.48.09-PM-550x413.jpeg 550w, https:\/\/gadelanegado.gob.ec\/manabi\/wp-content\/uploads\/2022\/05\/WhatsApp-Image-2022-05-06-at-12.48.09-PM-1024x768.jpeg 1024w, https:\/\/gadelanegado.gob.ec\/manabi\/wp-content\/uploads\/2022\/05\/WhatsApp-Image-2022-05-06-at-12.48.09-PM-768x576.jpeg 768w, https:\/\/gadelanegado.gob.ec\/manabi\/wp-content\/uploads\/2022\/05\/WhatsApp-Image-2022-05-06-at-12.48.09-PM.jpeg 1080w\" sizes=\"auto, (max-width: 550px) 100vw, 550px\" \/><\/p>\n<p><img loading=\"lazy\" decoding=\"async\" class=\"alignnone size-medium wp-image-3303\" src=\"https:\/\/gadelanegado.gob.ec\/manabi\/wp-content\/uploads\/2022\/05\/Reuniones-con-la-comunidad-550x413.jpg\" alt=\"\" width=\"550\" height=\"413\" srcset=\"https:\/\/gadelanegado.gob.ec\/manabi\/wp-content\/uploads\/2022\/05\/Reuniones-con-la-comunidad-550x413.jpg 550w, https:\/\/gadelanegado.gob.ec\/manabi\/wp-content\/uploads\/2022\/05\/Reuniones-con-la-comunidad-768x576.jpg 768w, https:\/\/gadelanegado.gob.ec\/manabi\/wp-content\/uploads\/2022\/05\/Reuniones-con-la-comunidad.jpg 960w\" sizes=\"auto, (max-width: 550px) 100vw, 550px\" \/><\/p>\n<p>PRESUPUESTO PARTICIPATIVO<\/p>\n<p><img loading=\"lazy\" decoding=\"async\" class=\"alignnone size-medium wp-image-3300\" src=\"https:\/\/gadelanegado.gob.ec\/manabi\/wp-content\/uploads\/2022\/05\/WhatsApp-Image-2022-05-06-at-12.54.09-PM-550x413.jpeg\" alt=\"\" width=\"550\" height=\"413\" srcset=\"https:\/\/gadelanegado.gob.ec\/manabi\/wp-content\/uploads\/2022\/05\/WhatsApp-Image-2022-05-06-at-12.54.09-PM-550x413.jpeg 550w, https:\/\/gadelanegado.gob.ec\/manabi\/wp-content\/uploads\/2022\/05\/WhatsApp-Image-2022-05-06-at-12.54.09-PM-1024x768.jpeg 1024w, https:\/\/gadelanegado.gob.ec\/manabi\/wp-content\/uploads\/2022\/05\/WhatsApp-Image-2022-05-06-at-12.54.09-PM-768x576.jpeg 768w, https:\/\/gadelanegado.gob.ec\/manabi\/wp-content\/uploads\/2022\/05\/WhatsApp-Image-2022-05-06-at-12.54.09-PM.jpeg 1280w\" sizes=\"auto, (max-width: 550px) 100vw, 550px\" \/><\/p>\n<p><img loading=\"lazy\" decoding=\"async\" class=\"alignnone size-medium wp-image-3302\" src=\"https:\/\/gadelanegado.gob.ec\/manabi\/wp-content\/uploads\/2022\/05\/Presupuesto-participativo-550x248.jpg\" alt=\"\" width=\"550\" height=\"248\" srcset=\"https:\/\/gadelanegado.gob.ec\/manabi\/wp-content\/uploads\/2022\/05\/Presupuesto-participativo-550x248.jpg 550w, https:\/\/gadelanegado.gob.ec\/manabi\/wp-content\/uploads\/2022\/05\/Presupuesto-participativo-1024x461.jpg 1024w, https:\/\/gadelanegado.gob.ec\/manabi\/wp-content\/uploads\/2022\/05\/Presupuesto-participativo-768x346.jpg 768w, https:\/\/gadelanegado.gob.ec\/manabi\/wp-content\/uploads\/2022\/05\/Presupuesto-participativo.jpg 1280w\" sizes=\"auto, (max-width: 550px) 100vw, 550px\" \/><\/p>\n<p>CUMPLIMIENTO DE COMPROMISOS<\/p>\n<p>Se promueve con los estudiantes charlas y capacitaciones a los moradores de las comunidades de las comunidades para la siembra de \u00e1rboles y construcci\u00f3n de viveros.<\/p>\n<p><img loading=\"lazy\" decoding=\"async\" class=\"alignnone size-medium wp-image-3304\" src=\"https:\/\/gadelanegado.gob.ec\/manabi\/wp-content\/uploads\/2022\/05\/Cumplimiento-de-compromisos-550x413.jpg\" alt=\"\" width=\"550\" height=\"413\" srcset=\"https:\/\/gadelanegado.gob.ec\/manabi\/wp-content\/uploads\/2022\/05\/Cumplimiento-de-compromisos-550x413.jpg 550w, https:\/\/gadelanegado.gob.ec\/manabi\/wp-content\/uploads\/2022\/05\/Cumplimiento-de-compromisos-1024x768.jpg 1024w, https:\/\/gadelanegado.gob.ec\/manabi\/wp-content\/uploads\/2022\/05\/Cumplimiento-de-compromisos-768x576.jpg 768w, https:\/\/gadelanegado.gob.ec\/manabi\/wp-content\/uploads\/2022\/05\/Cumplimiento-de-compromisos-1536x1152.jpg 1536w, https:\/\/gadelanegado.gob.ec\/manabi\/wp-content\/uploads\/2022\/05\/Cumplimiento-de-compromisos.jpg 1600w\" sizes=\"auto, (max-width: 550px) 100vw, 550px\" \/><\/p>\n<p>Se coordino la entrega de materiales en las comunidades de Albajacal, Juan Montalvo, B Mercedes, B La Trinidad, Salitre, Quinta Uni\u00f3n, Cruz Hern\u00e1ndez, Sobeida, Mis Baque<\/p>\n<p><img loading=\"lazy\" decoding=\"async\" class=\"alignnone size-medium wp-image-3305\" src=\"https:\/\/gadelanegado.gob.ec\/manabi\/wp-content\/uploads\/2022\/05\/Cumplimiento-de-compromisos-2-550x550.jpg\" alt=\"\" width=\"550\" height=\"550\" srcset=\"https:\/\/gadelanegado.gob.ec\/manabi\/wp-content\/uploads\/2022\/05\/Cumplimiento-de-compromisos-2-550x550.jpg 550w, https:\/\/gadelanegado.gob.ec\/manabi\/wp-content\/uploads\/2022\/05\/Cumplimiento-de-compromisos-2-1024x1024.jpg 1024w, https:\/\/gadelanegado.gob.ec\/manabi\/wp-content\/uploads\/2022\/05\/Cumplimiento-de-compromisos-2-150x150.jpg 150w, https:\/\/gadelanegado.gob.ec\/manabi\/wp-content\/uploads\/2022\/05\/Cumplimiento-de-compromisos-2-768x768.jpg 768w, https:\/\/gadelanegado.gob.ec\/manabi\/wp-content\/uploads\/2022\/05\/Cumplimiento-de-compromisos-2-1536x1536.jpg 1536w, https:\/\/gadelanegado.gob.ec\/manabi\/wp-content\/uploads\/2022\/05\/Cumplimiento-de-compromisos-2.jpg 2048w\" sizes=\"auto, (max-width: 550px) 100vw, 550px\" \/><\/p>\n<p>Se coordina con el GAD Provincial de Manab\u00ed el mejoramientos de las vias de la Parroquia El Anegado<\/p>\n<p><img loading=\"lazy\" decoding=\"async\" class=\"alignnone size-medium wp-image-3306\" src=\"https:\/\/gadelanegado.gob.ec\/manabi\/wp-content\/uploads\/2022\/05\/WhatsApp-Image-2022-05-06-at-2.38.47-PM-550x413.jpeg\" alt=\"\" width=\"550\" height=\"413\" srcset=\"https:\/\/gadelanegado.gob.ec\/manabi\/wp-content\/uploads\/2022\/05\/WhatsApp-Image-2022-05-06-at-2.38.47-PM-550x413.jpeg 550w, https:\/\/gadelanegado.gob.ec\/manabi\/wp-content\/uploads\/2022\/05\/WhatsApp-Image-2022-05-06-at-2.38.47-PM-1024x768.jpeg 1024w, https:\/\/gadelanegado.gob.ec\/manabi\/wp-content\/uploads\/2022\/05\/WhatsApp-Image-2022-05-06-at-2.38.47-PM-768x576.jpeg 768w, https:\/\/gadelanegado.gob.ec\/manabi\/wp-content\/uploads\/2022\/05\/WhatsApp-Image-2022-05-06-at-2.38.47-PM.jpeg 1280w\" sizes=\"auto, (max-width: 550px) 100vw, 550px\" \/><\/p>\n<p><img loading=\"lazy\" decoding=\"async\" class=\"alignnone size-medium wp-image-3307\" src=\"https:\/\/gadelanegado.gob.ec\/manabi\/wp-content\/uploads\/2022\/05\/WhatsApp-Image-2022-05-06-at-2.40.03-PM-550x413.jpeg\" alt=\"\" width=\"550\" height=\"413\" srcset=\"https:\/\/gadelanegado.gob.ec\/manabi\/wp-content\/uploads\/2022\/05\/WhatsApp-Image-2022-05-06-at-2.40.03-PM-550x413.jpeg 550w, https:\/\/gadelanegado.gob.ec\/manabi\/wp-content\/uploads\/2022\/05\/WhatsApp-Image-2022-05-06-at-2.40.03-PM-1024x768.jpeg 1024w, https:\/\/gadelanegado.gob.ec\/manabi\/wp-content\/uploads\/2022\/05\/WhatsApp-Image-2022-05-06-at-2.40.03-PM-768x576.jpeg 768w, https:\/\/gadelanegado.gob.ec\/manabi\/wp-content\/uploads\/2022\/05\/WhatsApp-Image-2022-05-06-at-2.40.03-PM.jpeg 1280w\" sizes=\"auto, (max-width: 550px) 100vw, 550px\" \/><img loading=\"lazy\" decoding=\"async\" class=\"alignnone size-medium wp-image-3308\" src=\"https:\/\/gadelanegado.gob.ec\/manabi\/wp-content\/uploads\/2022\/05\/WhatsApp-Image-2022-05-06-at-2.40.45-PM-550x413.jpeg\" alt=\"\" width=\"550\" height=\"413\" srcset=\"https:\/\/gadelanegado.gob.ec\/manabi\/wp-content\/uploads\/2022\/05\/WhatsApp-Image-2022-05-06-at-2.40.45-PM-550x413.jpeg 550w, https:\/\/gadelanegado.gob.ec\/manabi\/wp-content\/uploads\/2022\/05\/WhatsApp-Image-2022-05-06-at-2.40.45-PM-1024x768.jpeg 1024w, https:\/\/gadelanegado.gob.ec\/manabi\/wp-content\/uploads\/2022\/05\/WhatsApp-Image-2022-05-06-at-2.40.45-PM-768x576.jpeg 768w, https:\/\/gadelanegado.gob.ec\/manabi\/wp-content\/uploads\/2022\/05\/WhatsApp-Image-2022-05-06-at-2.40.45-PM.jpeg 1280w\" sizes=\"auto, (max-width: 550px) 100vw, 550px\" \/><\/p>\n<p>IMPLEMENTACI\u00d3N DE POL\u00cdTICAS P\u00daBLICAS PARA LA IGUALDAD<\/p>\n<p>SE PROMUEVE CAPACITACIONES A LOS GRUPOS PRIORITARIOS<\/p>\n<p><img loading=\"lazy\" decoding=\"async\" class=\"alignnone wp-image-3329\" src=\"https:\/\/gadelanegado.gob.ec\/manabi\/wp-content\/uploads\/2022\/05\/Capacitaciones-grupo-prioritario-450x800.jpg\" alt=\"\" width=\"169\" height=\"300\" srcset=\"https:\/\/gadelanegado.gob.ec\/manabi\/wp-content\/uploads\/2022\/05\/Capacitaciones-grupo-prioritario-450x800.jpg 450w, https:\/\/gadelanegado.gob.ec\/manabi\/wp-content\/uploads\/2022\/05\/Capacitaciones-grupo-prioritario.jpg 563w\" sizes=\"auto, (max-width: 169px) 100vw, 169px\" \/> <img loading=\"lazy\" decoding=\"async\" class=\"alignnone wp-image-3330\" src=\"https:\/\/gadelanegado.gob.ec\/manabi\/wp-content\/uploads\/2022\/05\/Capacitacion-a-mujeres-550x413.jpg\" alt=\"\" width=\"338\" height=\"254\" srcset=\"https:\/\/gadelanegado.gob.ec\/manabi\/wp-content\/uploads\/2022\/05\/Capacitacion-a-mujeres-550x413.jpg 550w, https:\/\/gadelanegado.gob.ec\/manabi\/wp-content\/uploads\/2022\/05\/Capacitacion-a-mujeres-768x576.jpg 768w, https:\/\/gadelanegado.gob.ec\/manabi\/wp-content\/uploads\/2022\/05\/Capacitacion-a-mujeres.jpg 960w\" sizes=\"auto, (max-width: 338px) 100vw, 338px\" \/><\/p>\n<p><img loading=\"lazy\" decoding=\"async\" class=\"alignnone wp-image-3331\" src=\"https:\/\/gadelanegado.gob.ec\/manabi\/wp-content\/uploads\/2022\/05\/grupo-prio-550x310.jpg\" alt=\"\" width=\"307\" height=\"173\" srcset=\"https:\/\/gadelanegado.gob.ec\/manabi\/wp-content\/uploads\/2022\/05\/grupo-prio-550x310.jpg 550w, https:\/\/gadelanegado.gob.ec\/manabi\/wp-content\/uploads\/2022\/05\/grupo-prio-768x432.jpg 768w, https:\/\/gadelanegado.gob.ec\/manabi\/wp-content\/uploads\/2022\/05\/grupo-prio.jpg 1000w\" sizes=\"auto, (max-width: 307px) 100vw, 307px\" \/><\/p>\n","protected":false},"excerpt":{"rendered":"<p>Informe de rendici\u00f3n de cuenta Rendicion de cuenta 2021 Informe de rendicion de cuenta 2021 ReporteInformeGad &#8211; R CUENTA 2021 Acto de Rendicion de cuenta SOCIALIZACI\u00d3N SOBRE EL PROCESO RENDICI\u00d3N DE CUENTA DEL A\u00d1O 2021 REVISI\u00d3N DEL INFORME POR PARTE DEL MIEMBRO DEL CONSEJO DE PLANIFICACI\u00d3N. CONFORMACI\u00d3N DE MESAS TEM\u00c1TICAS INSTANCIA DE PARTICIPACI\u00d3N CIUDADANA PRESUPUESTO&hellip;<\/p>\n","protected":false},"author":4,"featured_media":0,"parent":0,"menu_order":0,"comment_status":"closed","ping_status":"closed","template":"","meta":[],"yst_prominent_words":[222,229,228,156,227,157,230,154,155,231],"class_list":["post-2823","page","type-page","status-publish","hentry","description-off"],"_links":{"self":[{"href":"https:\/\/gadelanegado.gob.ec\/manabi\/wp-json\/wp\/v2\/pages\/2823","targetHints":{"allow":["GET"]}}],"collection":[{"href":"https:\/\/gadelanegado.gob.ec\/manabi\/wp-json\/wp\/v2\/pages"}],"about":[{"href":"https:\/\/gadelanegado.gob.ec\/manabi\/wp-json\/wp\/v2\/types\/page"}],"author":[{"embeddable":true,"href":"https:\/\/gadelanegado.gob.ec\/manabi\/wp-json\/wp\/v2\/users\/4"}],"replies":[{"embeddable":true,"href":"https:\/\/gadelanegado.gob.ec\/manabi\/wp-json\/wp\/v2\/comments?post=2823"}],"version-history":[{"count":13,"href":"https:\/\/gadelanegado.gob.ec\/manabi\/wp-json\/wp\/v2\/pages\/2823\/revisions"}],"predecessor-version":[{"id":3340,"href":"https:\/\/gadelanegado.gob.ec\/manabi\/wp-json\/wp\/v2\/pages\/2823\/revisions\/3340"}],"wp:attachment":[{"href":"https:\/\/gadelanegado.gob.ec\/manabi\/wp-json\/wp\/v2\/media?parent=2823"}],"wp:term":[{"taxonomy":"yst_prominent_words","embeddable":true,"href":"https:\/\/gadelanegado.gob.ec\/manabi\/wp-json\/wp\/v2\/yst_prominent_words?post=2823"}],"curies":[{"name":"wp","href":"https:\/\/api.w.org\/{rel}","templated":true}]}}